{"id":301,"date":"2023-09-09T20:11:40","date_gmt":"2023-09-09T20:11:40","guid":{"rendered":"http:\/\/localhost:8888\/yoga-sunyata\/?page_id=301"},"modified":"2026-01-05T07:05:42","modified_gmt":"2026-01-05T07:05:42","slug":"kindergarten","status":"publish","type":"page","link":"https:\/\/yoga-sunyata.com\/en\/kindergarten\/","title":{"rendered":"Children's yoga in kindergarten"},"content":{"rendered":"<div data-elementor-type=\"wp-page\" data-elementor-id=\"301\" class=\"elementor elementor-301\">\n\t\t\t\t<div class=\"elementor-element elementor-element-c3db505 e-flex e-con-boxed e-con e-parent\" data-id=\"c3db505\" data-element_type=\"container\" data-e-type=\"container\">\n\t\t\t\t\t<div class=\"e-con-inner\">\n\t\t\t\t<div class=\"elementor-element elementor-element-a29c118 elementor-widget elementor-widget-image\" data-id=\"a29c118\" data-element_type=\"widget\" data-e-type=\"widget\" data-widget_type=\"image.default\">\n\t\t\t\t<div class=\"elementor-widget-container\">\n\t\t\t\t\t\t\t\t\t\t\t\t\t\t\t<img fetchpriority=\"high\" decoding=\"async\" width=\"500\" height=\"135\" src=\"https:\/\/yoga-sunyata.com\/wp-content\/uploads\/2025\/03\/Mangal_Sunyata_01.jpg\" class=\"attachment-large size-large wp-image-778\" alt=\"Tiercharakterkollektion. Panda, Faultier, Giraffe\" srcset=\"https:\/\/yoga-sunyata.com\/wp-content\/uploads\/2025\/03\/Mangal_Sunyata_01.jpg 500w, https:\/\/yoga-sunyata.com\/wp-content\/uploads\/2025\/03\/Mangal_Sunyata_01-300x81.jpg 300w, https:\/\/yoga-sunyata.com\/wp-content\/uploads\/2025\/03\/Mangal_Sunyata_01-230x62.jpg 230w, https:\/\/yoga-sunyata.com\/wp-content\/uploads\/2025\/03\/Mangal_Sunyata_01-350x95.jpg 350w, https:\/\/yoga-sunyata.com\/wp-content\/uploads\/2025\/03\/Mangal_Sunyata_01-480x130.jpg 480w\" sizes=\"(max-width: 500px) 100vw, 500px\" \/>\t\t\t\t\t\t\t\t\t\t\t\t\t\t\t<\/div>\n\t\t\t\t<\/div>\n\t\t\t\t\t<\/div>\n\t\t\t\t<\/div>\n\t\t<div class=\"elementor-element elementor-element-5de63ee7 e-con-full e-flex e-con e-parent\" data-id=\"5de63ee7\" data-element_type=\"container\" data-e-type=\"container\" data-settings=\"{&quot;background_background&quot;:&quot;classic&quot;}\">\n\t\t<div class=\"elementor-element elementor-element-6af0b535 e-con-full e-flex e-con e-child\" data-id=\"6af0b535\" data-element_type=\"container\" data-e-type=\"container\">\n\t\t\t\t<div class=\"elementor-element elementor-element-da7210a elementor-widget elementor-widget-heading\" data-id=\"da7210a\" data-element_type=\"widget\" data-e-type=\"widget\" data-widget_type=\"heading.default\">\n\t\t\t\t<div class=\"elementor-widget-container\">\n\t\t\t\t\t<h1 class=\"elementor-heading-title elementor-size-default\">Children's yoga in kindergarten\n<\/h1>\t\t\t\t<\/div>\n\t\t\t\t<\/div>\n\t\t\t\t<div class=\"elementor-element elementor-element-5c33a4a0 elementor-widget elementor-widget-text-editor\" data-id=\"5c33a4a0\" data-element_type=\"widget\" data-e-type=\"widget\" data-widget_type=\"text-editor.default\">\n\t\t\t\t<div class=\"elementor-widget-container\">\n\t\t\t\t\t\t\t\t\t<p>Seit Jahren unterrichte ich Yoga im Kindergarten f\u00fcr Kinder ab 3 bis 12 Jahren in Kinderg\u00e4rten, Horte und Schulen.<\/p><p>Bei der Arbeit mit ihnen sehe ich jedes Mal ein Leuchten in den Augen, weil es immer wieder sch\u00f6n ist, zu beobachten, wie unbefangen und neugierig sie die Yogastunden betreten. In der Welt des Kinderyogas lernen meine Sch\u00fclerInnen nicht nur Asanas, sondern besch\u00e4ftigen sich auch mit wichtigen Themen wie:<\/p><p>\ud83d\udc9b\u00a0<strong data-start=\"566\" data-end=\"581\">Self-love <\/strong>\ud83d\ude4f\u00a0<strong data-start=\"589\" data-end=\"604\">Gratitude <\/strong>\ud83d\udc6d\u00a0<strong data-start=\"612\" data-end=\"628\">Friendship <\/strong>\ud83c\udf08\u00a0<strong data-start=\"636\" data-end=\"645\">Happiness <\/strong>\u2600\ufe0f\u00a0<strong data-start=\"653\" data-end=\"669\">Joy of life <\/strong>\ud83e\uddd8\u200d\u2640\ufe0f\u00a0<strong data-start=\"680\" data-end=\"704\">Inner contentment\u00a0<\/strong><\/p>\t\t\t\t\t\t\t\t<\/div>\n\t\t\t\t<\/div>\n\t\t\t\t<\/div>\n\t\t<div class=\"elementor-element elementor-element-244ef746 e-con-full e-flex e-con e-child\" data-id=\"244ef746\" data-element_type=\"container\" data-e-type=\"container\">\n\t\t\t\t<div class=\"elementor-element elementor-element-5b24286e elementor-widget elementor-widget-image\" data-id=\"5b24286e\" data-element_type=\"widget\" data-e-type=\"widget\" data-widget_type=\"image.default\">\n\t\t\t\t<div class=\"elementor-widget-container\">\n\t\t\t\t\t\t\t\t\t\t\t\t\t\t\t<img decoding=\"async\" width=\"768\" height=\"1024\" src=\"https:\/\/yoga-sunyata.com\/wp-content\/uploads\/2025\/03\/kindergarten_1-768x1024.jpeg\" class=\"attachment-large size-large wp-image-764\" alt=\"Foto Kindeyoga im Kindergarten\" srcset=\"https:\/\/yoga-sunyata.com\/wp-content\/uploads\/2025\/03\/kindergarten_1-768x1024.jpeg 768w, https:\/\/yoga-sunyata.com\/wp-content\/uploads\/2025\/03\/kindergarten_1-225x300.jpeg 225w, https:\/\/yoga-sunyata.com\/wp-content\/uploads\/2025\/03\/kindergarten_1-230x307.jpeg 230w, https:\/\/yoga-sunyata.com\/wp-content\/uploads\/2025\/03\/kindergarten_1-350x467.jpeg 350w, https:\/\/yoga-sunyata.com\/wp-content\/uploads\/2025\/03\/kindergarten_1-480x640.jpeg 480w, https:\/\/yoga-sunyata.com\/wp-content\/uploads\/2025\/03\/kindergarten_1.jpeg 980w\" sizes=\"(max-width: 768px) 100vw, 768px\" \/>\t\t\t\t\t\t\t\t\t\t\t\t\t\t\t<\/div>\n\t\t\t\t<\/div>\n\t\t\t\t<\/div>\n\t\t\t\t<\/div>\n\t\t<div class=\"elementor-element elementor-element-b689a92 e-con-full e-flex e-con e-parent\" data-id=\"b689a92\" data-element_type=\"container\" data-e-type=\"container\" data-settings=\"{&quot;background_background&quot;:&quot;classic&quot;}\">\n\t\t<div class=\"elementor-element elementor-element-b021822 e-con-full e-flex e-con e-child\" data-id=\"b021822\" data-element_type=\"container\" data-e-type=\"container\">\n\t\t\t\t<div class=\"elementor-element elementor-element-427efa24 elementor-widget elementor-widget-image\" data-id=\"427efa24\" data-element_type=\"widget\" data-e-type=\"widget\" data-widget_type=\"image.default\">\n\t\t\t\t<div class=\"elementor-widget-container\">\n\t\t\t\t\t\t\t\t\t\t\t\t\t\t\t<img decoding=\"async\" width=\"768\" height=\"1024\" src=\"https:\/\/yoga-sunyata.com\/wp-content\/uploads\/2025\/03\/kindergarten_4-768x1024.jpeg\" class=\"attachment-large size-large wp-image-766\" alt=\"Foto Kinderyoga im Kindergarten\" srcset=\"https:\/\/yoga-sunyata.com\/wp-content\/uploads\/2025\/03\/kindergarten_4-768x1024.jpeg 768w, https:\/\/yoga-sunyata.com\/wp-content\/uploads\/2025\/03\/kindergarten_4-225x300.jpeg 225w, https:\/\/yoga-sunyata.com\/wp-content\/uploads\/2025\/03\/kindergarten_4-230x307.jpeg 230w, https:\/\/yoga-sunyata.com\/wp-content\/uploads\/2025\/03\/kindergarten_4-350x467.jpeg 350w, https:\/\/yoga-sunyata.com\/wp-content\/uploads\/2025\/03\/kindergarten_4-480x640.jpeg 480w, https:\/\/yoga-sunyata.com\/wp-content\/uploads\/2025\/03\/kindergarten_4.jpeg 980w\" sizes=\"(max-width: 768px) 100vw, 768px\" \/>\t\t\t\t\t\t\t\t\t\t\t\t\t\t\t<\/div>\n\t\t\t\t<\/div>\n\t\t\t\t<\/div>\n\t\t<div class=\"elementor-element elementor-element-77bb9a6 e-con-full e-flex e-con e-child\" data-id=\"77bb9a6\" data-element_type=\"container\" data-e-type=\"container\">\n\t\t\t\t<div class=\"elementor-element elementor-element-371e149 elementor-widget elementor-widget-heading\" data-id=\"371e149\" data-element_type=\"widget\" data-e-type=\"widget\" data-widget_type=\"heading.default\">\n\t\t\t\t<div class=\"elementor-widget-container\">\n\t\t\t\t\t<h2 class=\"elementor-heading-title elementor-size-default\">Warum Kinderyoga im Kindergarten?<\/h2>\t\t\t\t<\/div>\n\t\t\t\t<\/div>\n\t\t\t\t<div class=\"elementor-element elementor-element-d984f38 elementor-widget elementor-widget-text-editor\" data-id=\"d984f38\" data-element_type=\"widget\" data-e-type=\"widget\" data-widget_type=\"text-editor.default\">\n\t\t\t\t<div class=\"elementor-widget-container\">\n\t\t\t\t\t\t\t\t\t<p>Our children grow up in a world of comparison from a very early age. They ask themselves questions like:<\/p><ul><li>\"Am I beautiful enough?\"<\/li><li>\"Am I cool enough?\"<\/li><li>\"Am I smart enough?\"<\/li><li>\"Am I doing it well enough?\"<\/li><\/ul><p>Diese Unsicherheiten entstehen oft durch den Einfluss sozialer Medien und irgendwann k\u00f6nnen wir es nicht mehr verhindern, dass sie sich mit anderen vergleichen.<\/p><p>Genau deshalb ist es von gro\u00dfer Bedeutung, Kindern schon fr\u00fch zu zeigen, wie wertvoll und einzigartig sie sind. Zu laut? Zu quirlig? Zu prinzessinnenhaft? Zu dominant? Zu frech? Das gibt es nicht! Yoga urteilt nicht. Hier ist jeder willkommen, ganz gleich, wie er ist.<\/p>\t\t\t\t\t\t\t\t<\/div>\n\t\t\t\t<\/div>\n\t\t\t\t<\/div>\n\t\t\t\t<\/div>\n\t\t<div class=\"elementor-element elementor-element-e4e4a51 e-flex e-con-boxed e-con e-parent\" data-id=\"e4e4a51\" data-element_type=\"container\" data-e-type=\"container\">\n\t\t\t\t\t<div class=\"e-con-inner\">\n\t\t\t\t<div class=\"elementor-element elementor-element-3a2e9c0 elementor-widget elementor-widget-text-editor\" data-id=\"3a2e9c0\" data-element_type=\"widget\" data-e-type=\"widget\" data-widget_type=\"text-editor.default\">\n\t\t\t\t<div class=\"elementor-widget-container\">\n\t\t\t\t\t\t\t\t\t<h4 style=\"text-align: center;\"><strong>Children's yoga at COREWERKSTATT in Munich:<\/strong><\/h4><p style=\"text-align: center;\">\u00a0\ud83d\udd38 Free trial class: Tuesday, 04\/08\/2025 \/ 5:00 PM \u2013 5:45 PM<\/p><p style=\"text-align: center;\"><strong>\u00a0\ud83d\udd38 Regular course start: Tuesday, 04\/29\/2025 \/ 5:00 PM \u2013 5:45 PM<\/strong><\/p><p style=\"text-align: center;\">\u00a0\ud83d\udd38 Number of participants: Minimum 6 children, maximum 10 children<\/p><p style=\"text-align: center;\">\u00a0\ud83d\udd38 Course block: 8 sessions (2 months, each 45 minutes)<\/p><p style=\"text-align: center;\">\u00a0\ud83d\udd38 Course fee per child: \u20ac130.00<\/p><p style=\"text-align: center;\">\u00a0\ud83d\udd38 Please bring comfortable clothing for the children.<\/p><p style=\"text-align: center;\"><strong>Address<\/strong><br \/>CoreWerkstatt<br \/>Ostpreu\u00dfenstra\u00dfe 9<br \/>81927 M\u00fcnchen<\/p><p style=\"text-align: center;\"><strong>Website<\/strong>:\u00a0<a href=\"https:\/\/deref-web.de\/mail\/client\/X629vTDuzjw\/dereferrer\/?redirectUrl=http%3A%2F%2Fwww.corewerkstatt.de\">www.corewerkstatt.de<\/a><\/p><p style=\"text-align: center;\"><strong>Instagram<\/strong>: <a href=\"https:\/\/yoga-sunyata.com\/en\/kindergarten\/@corewerkstatt\/\">@corewerkstatt<\/a><\/p>\t\t\t\t\t\t\t\t<\/div>\n\t\t\t\t<\/div>\n\t\t\t\t\t<\/div>\n\t\t\t\t<\/div>\n\t\t<div class=\"elementor-element elementor-element-536f2fae e-flex e-con-boxed e-con e-parent\" data-id=\"536f2fae\" data-element_type=\"container\" data-e-type=\"container\" data-settings=\"{&quot;background_background&quot;:&quot;classic&quot;}\">\n\t\t\t\t\t<div class=\"e-con-inner\">\n\t\t\t\t<div class=\"elementor-element elementor-element-619ee461 elementor-widget elementor-widget-heading\" data-id=\"619ee461\" data-element_type=\"widget\" data-e-type=\"widget\" data-widget_type=\"heading.default\">\n\t\t\t\t<div class=\"elementor-widget-container\">\n\t\t\t\t\t<h3 class=\"elementor-heading-title elementor-size-default\">Children's yoga boosts self-confidence\n\n<\/h3>\t\t\t\t<\/div>\n\t\t\t\t<\/div>\n\t\t\t\t<div class=\"elementor-element elementor-element-1547cca elementor-widget elementor-widget-text-editor\" data-id=\"1547cca\" data-element_type=\"widget\" data-e-type=\"widget\" data-widget_type=\"text-editor.default\">\n\t\t\t\t<div class=\"elementor-widget-container\">\n\t\t\t\t\t\t\t\t\t<p>Ein gesundes Selbstwertgef\u00fchl ist daher der beste Schutz gegen Selbstzweifel. Unsere Kinder werden sich immer wieder miteinander vergleichen, was dazu f\u00fchrt, dass sie an sich zweifeln. Deshalb ist es heute umso wichtiger, sie zu st\u00e4rken, damit sie selbstbewusst durchs Leben gehen. Es geht darum, das Beste aus jedem Kind herauszukitzeln und nicht nur das Selbstwertgef\u00fchl zu f\u00f6rdern, sondern auch, sie in ihrer Entwicklung zu unterst\u00fctzen.<\/p><p><strong>Prices upon request, depending on:<\/strong><br \/>Your preferences for the course structure<br \/>Requirements at the location<br \/>Number of participants<\/p>\t\t\t\t\t\t\t\t<\/div>\n\t\t\t\t<\/div>\n\t\t\t\t<div class=\"elementor-element elementor-element-4fa04a40 elementor-mobile-align-center elementor-align-center elementor-widget elementor-widget-button\" data-id=\"4fa04a40\" data-element_type=\"widget\" data-e-type=\"widget\" data-widget_type=\"button.default\">\n\t\t\t\t<div class=\"elementor-widget-container\">\n\t\t\t\t\t\t\t\t\t<div class=\"elementor-button-wrapper\">\n\t\t\t\t\t<a class=\"elementor-button elementor-button-link elementor-size-sm\" href=\"https:\/\/yoga-sunyata.com\/en\/kontakt\/\">\n\t\t\t\t\t\t<span class=\"elementor-button-content-wrapper\">\n\t\t\t\t\t\t\t\t\t<span class=\"elementor-button-text\">Contact<\/span>\n\t\t\t\t\t<\/span>\n\t\t\t\t\t<\/a>\n\t\t\t\t<\/div>\n\t\t\t\t\t\t\t\t<\/div>\n\t\t\t\t<\/div>\n\t\t\t\t\t<\/div>\n\t\t\t\t<\/div>\n\t\t\t\t<\/div>","protected":false},"excerpt":{"rendered":"<p>Kinderyoga im Kindergarten Seit Jahren unterrichte ich Yoga im Kindergarten f\u00fcr Kinder ab 3 bis 12 Jahren in Kinderg\u00e4rten, Horte und Schulen. [&hellip;]<\/p>","protected":false},"author":2,"featured_media":0,"parent":0,"menu_order":0,"comment_status":"closed","ping_status":"closed","template":"","meta":{"footnotes":""},"class_list":["post-301","page","type-page","status-publish","hentry"],"yoast_head":"<!-- This site is optimized with the Yoast SEO plugin v27.4 - https:\/\/yoast.com\/product\/yoast-seo-wordpress\/ -->\n<title>Kinderyoga im Kindergarten -<\/title>\n<meta name=\"description\" content=\"Erleben Sie spielerisches Kinder-Yoga im Kindergarten. F\u00f6rdern Sie das Selbstvertrauen und die Beweglichkeit Ihrer Kinder ab 3 Jahren.\" \/>\n<meta name=\"robots\" content=\"index, follow, max-snippet:-1, max-image-preview:large, max-video-preview:-1\" \/>\n<link rel=\"canonical\" href=\"https:\/\/yoga-sunyata.com\/en\/kindergarten\/\" \/>\n<meta property=\"og:locale\" content=\"en_GB\" \/>\n<meta property=\"og:type\" content=\"article\" \/>\n<meta property=\"og:title\" content=\"Kinderyoga im Kindergarten -\" \/>\n<meta property=\"og:description\" content=\"Erleben Sie spielerisches Kinder-Yoga im Kindergarten. F\u00f6rdern Sie das Selbstvertrauen und die Beweglichkeit Ihrer Kinder ab 3 Jahren.\" \/>\n<meta property=\"og:url\" content=\"https:\/\/yoga-sunyata.com\/en\/kindergarten\/\" \/>\n<meta property=\"article:modified_time\" content=\"2026-01-05T07:05:42+00:00\" \/>\n<meta property=\"og:image\" content=\"https:\/\/yoga-sunyata.com\/wp-content\/uploads\/2025\/03\/Mangal_Sunyata_01.jpg\" \/>\n\t<meta property=\"og:image:width\" content=\"500\" \/>\n\t<meta property=\"og:image:height\" content=\"135\" \/>\n\t<meta property=\"og:image:type\" content=\"image\/jpeg\" \/>\n<meta name=\"twitter:card\" content=\"summary_large_image\" \/>\n<meta name=\"twitter:label1\" content=\"Estimated reading time\" \/>\n\t<meta name=\"twitter:data1\" content=\"3 minutes\" \/>\n<script type=\"application\/ld+json\" class=\"yoast-schema-graph\">{\"@context\":\"https:\\\/\\\/schema.org\",\"@graph\":[{\"@type\":\"WebPage\",\"@id\":\"https:\\\/\\\/yoga-sunyata.com\\\/kindergarten\\\/\",\"url\":\"https:\\\/\\\/yoga-sunyata.com\\\/kindergarten\\\/\",\"name\":\"Kinderyoga im Kindergarten -\",\"isPartOf\":{\"@id\":\"https:\\\/\\\/yoga-sunyata.com\\\/#website\"},\"primaryImageOfPage\":{\"@id\":\"https:\\\/\\\/yoga-sunyata.com\\\/kindergarten\\\/#primaryimage\"},\"image\":{\"@id\":\"https:\\\/\\\/yoga-sunyata.com\\\/kindergarten\\\/#primaryimage\"},\"thumbnailUrl\":\"https:\\\/\\\/yoga-sunyata.com\\\/wp-content\\\/uploads\\\/2025\\\/03\\\/Mangal_Sunyata_01.jpg\",\"datePublished\":\"2023-09-09T20:11:40+00:00\",\"dateModified\":\"2026-01-05T07:05:42+00:00\",\"description\":\"Erleben Sie spielerisches Kinder-Yoga im Kindergarten. F\u00f6rdern Sie das Selbstvertrauen und die Beweglichkeit Ihrer Kinder ab 3 Jahren.\",\"breadcrumb\":{\"@id\":\"https:\\\/\\\/yoga-sunyata.com\\\/kindergarten\\\/#breadcrumb\"},\"inLanguage\":\"en-GB\",\"potentialAction\":[{\"@type\":\"ReadAction\",\"target\":[\"https:\\\/\\\/yoga-sunyata.com\\\/kindergarten\\\/\"]}]},{\"@type\":\"ImageObject\",\"inLanguage\":\"en-GB\",\"@id\":\"https:\\\/\\\/yoga-sunyata.com\\\/kindergarten\\\/#primaryimage\",\"url\":\"https:\\\/\\\/yoga-sunyata.com\\\/wp-content\\\/uploads\\\/2025\\\/03\\\/Mangal_Sunyata_01.jpg\",\"contentUrl\":\"https:\\\/\\\/yoga-sunyata.com\\\/wp-content\\\/uploads\\\/2025\\\/03\\\/Mangal_Sunyata_01.jpg\"},{\"@type\":\"BreadcrumbList\",\"@id\":\"https:\\\/\\\/yoga-sunyata.com\\\/kindergarten\\\/#breadcrumb\",\"itemListElement\":[{\"@type\":\"ListItem\",\"position\":1,\"name\":\"Startseite\",\"item\":\"https:\\\/\\\/yoga-sunyata.com\\\/\"},{\"@type\":\"ListItem\",\"position\":2,\"name\":\"Kinderyoga im Kindergarten\"}]},{\"@type\":\"WebSite\",\"@id\":\"https:\\\/\\\/yoga-sunyata.com\\\/#website\",\"url\":\"https:\\\/\\\/yoga-sunyata.com\\\/\",\"name\":\"\",\"description\":\"\",\"potentialAction\":[{\"@type\":\"SearchAction\",\"target\":{\"@type\":\"EntryPoint\",\"urlTemplate\":\"https:\\\/\\\/yoga-sunyata.com\\\/?s={search_term_string}\"},\"query-input\":{\"@type\":\"PropertyValueSpecification\",\"valueRequired\":true,\"valueName\":\"search_term_string\"}}],\"inLanguage\":\"en-GB\"}]}<\/script>\n<!-- \/ Yoast SEO plugin. -->","yoast_head_json":{"title":"Kinderyoga im Kindergarten -","description":"Erleben Sie spielerisches Kinder-Yoga im Kindergarten. F\u00f6rdern Sie das Selbstvertrauen und die Beweglichkeit Ihrer Kinder ab 3 Jahren.","robots":{"index":"index","follow":"follow","max-snippet":"max-snippet:-1","max-image-preview":"max-image-preview:large","max-video-preview":"max-video-preview:-1"},"canonical":"https:\/\/yoga-sunyata.com\/en\/kindergarten\/","og_locale":"en_GB","og_type":"article","og_title":"Kinderyoga im Kindergarten -","og_description":"Erleben Sie spielerisches Kinder-Yoga im Kindergarten. F\u00f6rdern Sie das Selbstvertrauen und die Beweglichkeit Ihrer Kinder ab 3 Jahren.","og_url":"https:\/\/yoga-sunyata.com\/en\/kindergarten\/","article_modified_time":"2026-01-05T07:05:42+00:00","og_image":[{"width":500,"height":135,"url":"https:\/\/yoga-sunyata.com\/wp-content\/uploads\/2025\/03\/Mangal_Sunyata_01.jpg","type":"image\/jpeg"}],"twitter_card":"summary_large_image","twitter_misc":{"Estimated reading time":"3 minutes"},"schema":{"@context":"https:\/\/schema.org","@graph":[{"@type":"WebPage","@id":"https:\/\/yoga-sunyata.com\/kindergarten\/","url":"https:\/\/yoga-sunyata.com\/kindergarten\/","name":"Kinderyoga im Kindergarten -","isPartOf":{"@id":"https:\/\/yoga-sunyata.com\/#website"},"primaryImageOfPage":{"@id":"https:\/\/yoga-sunyata.com\/kindergarten\/#primaryimage"},"image":{"@id":"https:\/\/yoga-sunyata.com\/kindergarten\/#primaryimage"},"thumbnailUrl":"https:\/\/yoga-sunyata.com\/wp-content\/uploads\/2025\/03\/Mangal_Sunyata_01.jpg","datePublished":"2023-09-09T20:11:40+00:00","dateModified":"2026-01-05T07:05:42+00:00","description":"Erleben Sie spielerisches Kinder-Yoga im Kindergarten. F\u00f6rdern Sie das Selbstvertrauen und die Beweglichkeit Ihrer Kinder ab 3 Jahren.","breadcrumb":{"@id":"https:\/\/yoga-sunyata.com\/kindergarten\/#breadcrumb"},"inLanguage":"en-GB","potentialAction":[{"@type":"ReadAction","target":["https:\/\/yoga-sunyata.com\/kindergarten\/"]}]},{"@type":"ImageObject","inLanguage":"en-GB","@id":"https:\/\/yoga-sunyata.com\/kindergarten\/#primaryimage","url":"https:\/\/yoga-sunyata.com\/wp-content\/uploads\/2025\/03\/Mangal_Sunyata_01.jpg","contentUrl":"https:\/\/yoga-sunyata.com\/wp-content\/uploads\/2025\/03\/Mangal_Sunyata_01.jpg"},{"@type":"BreadcrumbList","@id":"https:\/\/yoga-sunyata.com\/kindergarten\/#breadcrumb","itemListElement":[{"@type":"ListItem","position":1,"name":"Startseite","item":"https:\/\/yoga-sunyata.com\/"},{"@type":"ListItem","position":2,"name":"Kinderyoga im Kindergarten"}]},{"@type":"WebSite","@id":"https:\/\/yoga-sunyata.com\/#website","url":"https:\/\/yoga-sunyata.com\/","name":"","description":"","potentialAction":[{"@type":"SearchAction","target":{"@type":"EntryPoint","urlTemplate":"https:\/\/yoga-sunyata.com\/?s={search_term_string}"},"query-input":{"@type":"PropertyValueSpecification","valueRequired":true,"valueName":"search_term_string"}}],"inLanguage":"en-GB"}]}},"_links":{"self":[{"href":"https:\/\/yoga-sunyata.com\/en\/wp-json\/wp\/v2\/pages\/301","targetHints":{"allow":["GET"]}}],"collection":[{"href":"https:\/\/yoga-sunyata.com\/en\/wp-json\/wp\/v2\/pages"}],"about":[{"href":"https:\/\/yoga-sunyata.com\/en\/wp-json\/wp\/v2\/types\/page"}],"author":[{"embeddable":true,"href":"https:\/\/yoga-sunyata.com\/en\/wp-json\/wp\/v2\/users\/2"}],"replies":[{"embeddable":true,"href":"https:\/\/yoga-sunyata.com\/en\/wp-json\/wp\/v2\/comments?post=301"}],"version-history":[{"count":88,"href":"https:\/\/yoga-sunyata.com\/en\/wp-json\/wp\/v2\/pages\/301\/revisions"}],"predecessor-version":[{"id":2146,"href":"https:\/\/yoga-sunyata.com\/en\/wp-json\/wp\/v2\/pages\/301\/revisions\/2146"}],"wp:attachment":[{"href":"https:\/\/yoga-sunyata.com\/en\/wp-json\/wp\/v2\/media?parent=301"}],"curies":[{"name":"wp","href":"https:\/\/api.w.org\/{rel}","templated":true}]}}